{"id":91,"date":"2016-02-15T21:40:05","date_gmt":"2016-02-15T20:40:05","guid":{"rendered":"http:\/\/sedirelyon.fr\/lesdiaconessesdurocher\/wp-content\/uploads\/sites\/2\/2016\/02\/mozaic-kdo.jpg"},"modified":"2016-02-15T21:40:05","modified_gmt":"2016-02-15T20:40:05","slug":"mosaique-de-de-la-porte-imperiale-sainte-sophie-istanbul-turquie-2","status":"inherit","type":"attachment","link":"https:\/\/sedirelyon.fr\/lesdiaconessesdurocher\/ecrits-de-femmes\/liens-et-sites\/mosaique-de-de-la-porte-imperiale-sainte-sophie-istanbul-turquie-2\/","title":{"rendered":"Mosa\u00efque de de la Porte imp\u00e9riale, Sainte-Sophie (Istanbul, Turquie)"},"author":1,"featured_media":0,"comment_status":"open","ping_status":"closed","template":"","meta":{"jetpack_post_was_ever_published":false},"class_list":["post-91","attachment","type-attachment","status-inherit","hentry"],"yoast_head":"<!-- This site is optimized with the Yoast SEO plugin v27.5 - https:\/\/yoast.com\/product\/yoast-seo-wordpress\/ -->\n<title>Mosa\u00efque de de la Porte imp\u00e9riale, Sainte-Sophie (Istanbul, Turquie) - Les Diaconesses du Rocher<\/title>\n<meta name=\"robots\" content=\"index, follow, max-snippet:-1, max-image-preview:large, max-video-preview:-1\" \/>\n<link rel=\"canonical\" href=\"https:\/\/sedirelyon.fr\/lesdiaconessesdurocher\/wp-content\/uploads\/sites\/2\/2016\/02\/mozaic-kdo.jpg\" \/>\n<meta property=\"og:locale\" content=\"fr_FR\" \/>\n<meta property=\"og:type\" content=\"article\" \/>\n<meta property=\"og:title\" content=\"Mosa\u00efque de de la Porte imp\u00e9riale, Sainte-Sophie (Istanbul, Turquie) - Les Diaconesses du Rocher\" \/>\n<meta property=\"og:description\" content=\"Mosa\u00efque de de la Porte imp\u00e9riale, Sainte-Sophie (Istanbul, Turquie)\" \/>\n<meta property=\"og:url\" content=\"https:\/\/sedirelyon.fr\/lesdiaconessesdurocher\/wp-content\/uploads\/sites\/2\/2016\/02\/mozaic-kdo.jpg\" \/>\n<meta property=\"og:site_name\" content=\"Les Diaconesses du Rocher\" \/>\n<meta property=\"og:image\" content=\"https:\/\/i0.wp.com\/sedirelyon.fr\/lesdiaconessesdurocher\/wp-content\/uploads\/sites\/2\/2016\/02\/mozaic-kdo.jpg?fit=2048%2C625&ssl=1\" \/>\n\t<meta property=\"og:image:width\" content=\"2048\" \/>\n\t<meta property=\"og:image:height\" content=\"625\" \/>\n\t<meta property=\"og:image:type\" content=\"image\/jpeg\" \/>\n<meta name=\"twitter:card\" content=\"summary_large_image\" \/>\n<script type=\"application\/ld+json\" class=\"yoast-schema-graph\">{\"@context\":\"https:\\\/\\\/schema.org\",\"@graph\":[{\"@type\":\"WebPage\",\"@id\":\"https:\\\/\\\/sedirelyon.fr\\\/lesdiaconessesdurocher\\\/wp-content\\\/uploads\\\/sites\\\/2\\\/2016\\\/02\\\/mozaic-kdo.jpg\",\"url\":\"https:\\\/\\\/sedirelyon.fr\\\/lesdiaconessesdurocher\\\/wp-content\\\/uploads\\\/sites\\\/2\\\/2016\\\/02\\\/mozaic-kdo.jpg\",\"name\":\"Mosa\u00efque de de la Porte imp\u00e9riale, Sainte-Sophie (Istanbul, Turquie) - Les Diaconesses du Rocher\",\"isPartOf\":{\"@id\":\"https:\\\/\\\/sedirelyon.fr\\\/lesdiaconessesdurocher\\\/#website\"},\"datePublished\":\"2016-02-15T20:40:05+00:00\",\"breadcrumb\":{\"@id\":\"https:\\\/\\\/sedirelyon.fr\\\/lesdiaconessesdurocher\\\/wp-content\\\/uploads\\\/sites\\\/2\\\/2016\\\/02\\\/mozaic-kdo.jpg#breadcrumb\"},\"inLanguage\":\"fr-FR\",\"potentialAction\":[{\"@type\":\"ReadAction\",\"target\":[\"https:\\\/\\\/sedirelyon.fr\\\/lesdiaconessesdurocher\\\/wp-content\\\/uploads\\\/sites\\\/2\\\/2016\\\/02\\\/mozaic-kdo.jpg\"]}]},{\"@type\":\"BreadcrumbList\",\"@id\":\"https:\\\/\\\/sedirelyon.fr\\\/lesdiaconessesdurocher\\\/wp-content\\\/uploads\\\/sites\\\/2\\\/2016\\\/02\\\/mozaic-kdo.jpg#breadcrumb\",\"itemListElement\":[{\"@type\":\"ListItem\",\"position\":1,\"name\":\"Accueil\",\"item\":\"https:\\\/\\\/sedirelyon.fr\\\/lesdiaconessesdurocher\\\/\"},{\"@type\":\"ListItem\",\"position\":2,\"name\":\"\u00e9crits de femmes\",\"item\":\"http:\\\/\\\/sedirelyon.fr\\\/lesdiaconessesdurocher\\\/ecrits-de-femmes\\\/\"},{\"@type\":\"ListItem\",\"position\":3,\"name\":\"liens et sites\",\"item\":\"http:\\\/\\\/sedirelyon.fr\\\/lesdiaconessesdurocher\\\/ecrits-de-femmes\\\/liens-et-sites\\\/\"},{\"@type\":\"ListItem\",\"position\":4,\"name\":\"Mosa\u00efque de de la Porte imp\u00e9riale, Sainte-Sophie (Istanbul, Turquie)\"}]},{\"@type\":\"WebSite\",\"@id\":\"https:\\\/\\\/sedirelyon.fr\\\/lesdiaconessesdurocher\\\/#website\",\"url\":\"https:\\\/\\\/sedirelyon.fr\\\/lesdiaconessesdurocher\\\/\",\"name\":\"Les Diaconesses du Rocher\",\"description\":\"des femmes dans l&#039;Eglise\",\"potentialAction\":[{\"@type\":\"SearchAction\",\"target\":{\"@type\":\"EntryPoint\",\"urlTemplate\":\"https:\\\/\\\/sedirelyon.fr\\\/lesdiaconessesdurocher\\\/?s={search_term_string}\"},\"query-input\":{\"@type\":\"PropertyValueSpecification\",\"valueRequired\":true,\"valueName\":\"search_term_string\"}}],\"inLanguage\":\"fr-FR\"}]}<\/script>\n<!-- \/ Yoast SEO plugin. -->","yoast_head_json":{"title":"Mosa\u00efque de de la Porte imp\u00e9riale, Sainte-Sophie (Istanbul, Turquie) - Les Diaconesses du Rocher","robots":{"index":"index","follow":"follow","max-snippet":"max-snippet:-1","max-image-preview":"max-image-preview:large","max-video-preview":"max-video-preview:-1"},"canonical":"https:\/\/sedirelyon.fr\/lesdiaconessesdurocher\/wp-content\/uploads\/sites\/2\/2016\/02\/mozaic-kdo.jpg","og_locale":"fr_FR","og_type":"article","og_title":"Mosa\u00efque de de la Porte imp\u00e9riale, Sainte-Sophie (Istanbul, Turquie) - Les Diaconesses du Rocher","og_description":"Mosa\u00efque de de la Porte imp\u00e9riale, Sainte-Sophie (Istanbul, Turquie)","og_url":"https:\/\/sedirelyon.fr\/lesdiaconessesdurocher\/wp-content\/uploads\/sites\/2\/2016\/02\/mozaic-kdo.jpg","og_site_name":"Les Diaconesses du Rocher","og_image":[{"width":2048,"height":625,"url":"https:\/\/i0.wp.com\/sedirelyon.fr\/lesdiaconessesdurocher\/wp-content\/uploads\/sites\/2\/2016\/02\/mozaic-kdo.jpg?fit=2048%2C625&ssl=1","type":"image\/jpeg"}],"twitter_card":"summary_large_image","schema":{"@context":"https:\/\/schema.org","@graph":[{"@type":"WebPage","@id":"https:\/\/sedirelyon.fr\/lesdiaconessesdurocher\/wp-content\/uploads\/sites\/2\/2016\/02\/mozaic-kdo.jpg","url":"https:\/\/sedirelyon.fr\/lesdiaconessesdurocher\/wp-content\/uploads\/sites\/2\/2016\/02\/mozaic-kdo.jpg","name":"Mosa\u00efque de de la Porte imp\u00e9riale, Sainte-Sophie (Istanbul, Turquie) - Les Diaconesses du Rocher","isPartOf":{"@id":"https:\/\/sedirelyon.fr\/lesdiaconessesdurocher\/#website"},"datePublished":"2016-02-15T20:40:05+00:00","breadcrumb":{"@id":"https:\/\/sedirelyon.fr\/lesdiaconessesdurocher\/wp-content\/uploads\/sites\/2\/2016\/02\/mozaic-kdo.jpg#breadcrumb"},"inLanguage":"fr-FR","potentialAction":[{"@type":"ReadAction","target":["https:\/\/sedirelyon.fr\/lesdiaconessesdurocher\/wp-content\/uploads\/sites\/2\/2016\/02\/mozaic-kdo.jpg"]}]},{"@type":"BreadcrumbList","@id":"https:\/\/sedirelyon.fr\/lesdiaconessesdurocher\/wp-content\/uploads\/sites\/2\/2016\/02\/mozaic-kdo.jpg#breadcrumb","itemListElement":[{"@type":"ListItem","position":1,"name":"Accueil","item":"https:\/\/sedirelyon.fr\/lesdiaconessesdurocher\/"},{"@type":"ListItem","position":2,"name":"\u00e9crits de femmes","item":"http:\/\/sedirelyon.fr\/lesdiaconessesdurocher\/ecrits-de-femmes\/"},{"@type":"ListItem","position":3,"name":"liens et sites","item":"http:\/\/sedirelyon.fr\/lesdiaconessesdurocher\/ecrits-de-femmes\/liens-et-sites\/"},{"@type":"ListItem","position":4,"name":"Mosa\u00efque de de la Porte imp\u00e9riale, Sainte-Sophie (Istanbul, Turquie)"}]},{"@type":"WebSite","@id":"https:\/\/sedirelyon.fr\/lesdiaconessesdurocher\/#website","url":"https:\/\/sedirelyon.fr\/lesdiaconessesdurocher\/","name":"Les Diaconesses du Rocher","description":"des femmes dans l&#039;Eglise","potentialAction":[{"@type":"SearchAction","target":{"@type":"EntryPoint","urlTemplate":"https:\/\/sedirelyon.fr\/lesdiaconessesdurocher\/?s={search_term_string}"},"query-input":{"@type":"PropertyValueSpecification","valueRequired":true,"valueName":"search_term_string"}}],"inLanguage":"fr-FR"}]}},"jetpack_sharing_enabled":true,"jetpack_shortlink":"https:\/\/wp.me\/a7xNTI-1t","description":{"rendered":"<p class=\"attachment\"><a href=\"https:\/\/i0.wp.com\/sedirelyon.fr\/lesdiaconessesdurocher\/wp-content\/uploads\/sites\/2\/2016\/02\/mozaic-kdo.jpg?ssl=1\"><img loading=\"lazy\" decoding=\"async\" width=\"300\" height=\"92\" src=\"https:\/\/i0.wp.com\/sedirelyon.fr\/lesdiaconessesdurocher\/wp-content\/uploads\/sites\/2\/2016\/02\/mozaic-kdo.jpg?fit=300%2C92&amp;ssl=1\" class=\"attachment-medium size-medium\" alt=\"\" srcset=\"https:\/\/i0.wp.com\/sedirelyon.fr\/lesdiaconessesdurocher\/wp-content\/uploads\/sites\/2\/2016\/02\/mozaic-kdo.jpg?w=2048&amp;ssl=1 2048w, https:\/\/i0.wp.com\/sedirelyon.fr\/lesdiaconessesdurocher\/wp-content\/uploads\/sites\/2\/2016\/02\/mozaic-kdo.jpg?resize=300%2C92&amp;ssl=1 300w, https:\/\/i0.wp.com\/sedirelyon.fr\/lesdiaconessesdurocher\/wp-content\/uploads\/sites\/2\/2016\/02\/mozaic-kdo.jpg?resize=768%2C234&amp;ssl=1 768w, https:\/\/i0.wp.com\/sedirelyon.fr\/lesdiaconessesdurocher\/wp-content\/uploads\/sites\/2\/2016\/02\/mozaic-kdo.jpg?resize=1024%2C313&amp;ssl=1 1024w, https:\/\/i0.wp.com\/sedirelyon.fr\/lesdiaconessesdurocher\/wp-content\/uploads\/sites\/2\/2016\/02\/mozaic-kdo.jpg?resize=1200%2C366&amp;ssl=1 1200w, https:\/\/i0.wp.com\/sedirelyon.fr\/lesdiaconessesdurocher\/wp-content\/uploads\/sites\/2\/2016\/02\/mozaic-kdo.jpg?w=1680&amp;ssl=1 1680w\" sizes=\"auto, (max-width: 300px) 85vw, 300px\" data-attachment-id=\"91\" data-permalink=\"https:\/\/sedirelyon.fr\/lesdiaconessesdurocher\/ecrits-de-femmes\/liens-et-sites\/mosaique-de-de-la-porte-imperiale-sainte-sophie-istanbul-turquie-2\/\" data-orig-file=\"https:\/\/i0.wp.com\/sedirelyon.fr\/lesdiaconessesdurocher\/wp-content\/uploads\/sites\/2\/2016\/02\/mozaic-kdo.jpg?fit=2048%2C625&amp;ssl=1\" data-orig-size=\"2048,625\" data-comments-opened=\"1\" data-image-meta=\"{&quot;aperture&quot;:&quot;5.6&quot;,&quot;credit&quot;:&quot;&quot;,&quot;camera&quot;:&quot;NIKON D90&quot;,&quot;caption&quot;:&quot;Mosa\\u00efque de de la Porte imp\\u00e9riale, Sainte-Sophie (Istanbul, Turquie)&quot;,&quot;created_timestamp&quot;:&quot;1352379515&quot;,&quot;copyright&quot;:&quot;&quot;,&quot;focal_length&quot;:&quot;48&quot;,&quot;iso&quot;:&quot;1000&quot;,&quot;shutter_speed&quot;:&quot;0.066666666666667&quot;,&quot;title&quot;:&quot;Mosa\\u00efque de de la Porte imp\\u00e9riale, Sainte-Sophie (Istanbul, Turquie)&quot;,&quot;orientation&quot;:&quot;1&quot;}\" data-image-title=\"Mosa\u00efque de de la Porte imp\u00e9riale, Sainte-Sophie (Istanbul, Turquie)\" data-image-description=\"\" data-image-caption=\"&lt;p&gt;Mosa\u00efque de de la Porte imp\u00e9riale, Sainte-Sophie (Istanbul, Turquie)&lt;\/p&gt;\n\" data-medium-file=\"https:\/\/i0.wp.com\/sedirelyon.fr\/lesdiaconessesdurocher\/wp-content\/uploads\/sites\/2\/2016\/02\/mozaic-kdo.jpg?fit=300%2C92&amp;ssl=1\" data-large-file=\"https:\/\/i0.wp.com\/sedirelyon.fr\/lesdiaconessesdurocher\/wp-content\/uploads\/sites\/2\/2016\/02\/mozaic-kdo.jpg?fit=840%2C257&amp;ssl=1\" \/><\/a><\/p>\n"},"caption":{"rendered":"<p>Mosa\u00efque de de la Porte imp\u00e9riale, Sainte-Sophie (Istanbul, Turquie)<\/p>\n"},"alt_text":"","media_type":"image","mime_type":"image\/jpeg","media_details":{"width":2048,"height":625,"file":"2016\/02\/mozaic-kdo.jpg","sizes":{"thumbnail":{"file":"mozaic-kdo-150x150.jpg","width":150,"height":150,"mime_type":"image\/jpeg","source_url":"https:\/\/i0.wp.com\/sedirelyon.fr\/lesdiaconessesdurocher\/wp-content\/uploads\/sites\/2\/2016\/02\/mozaic-kdo.jpg?resize=150%2C150&ssl=1"},"medium":{"file":"mozaic-kdo-300x92.jpg","width":300,"height":92,"mime_type":"image\/jpeg","source_url":"https:\/\/i0.wp.com\/sedirelyon.fr\/lesdiaconessesdurocher\/wp-content\/uploads\/sites\/2\/2016\/02\/mozaic-kdo.jpg?fit=300%2C92&ssl=1"},"medium_large":{"file":"mozaic-kdo-768x234.jpg","width":768,"height":234,"mime_type":"image\/jpeg","source_url":"https:\/\/i0.wp.com\/sedirelyon.fr\/lesdiaconessesdurocher\/wp-content\/uploads\/sites\/2\/2016\/02\/mozaic-kdo.jpg?fit=768%2C234&ssl=1"},"large":{"file":"mozaic-kdo-1024x313.jpg","width":1024,"height":313,"mime_type":"image\/jpeg","source_url":"https:\/\/i0.wp.com\/sedirelyon.fr\/lesdiaconessesdurocher\/wp-content\/uploads\/sites\/2\/2016\/02\/mozaic-kdo.jpg?fit=840%2C257&ssl=1"},"post-thumbnail":{"file":"mozaic-kdo-1200x366.jpg","width":1200,"height":366,"mime_type":"image\/jpeg","source_url":"https:\/\/i0.wp.com\/sedirelyon.fr\/lesdiaconessesdurocher\/wp-content\/uploads\/sites\/2\/2016\/02\/mozaic-kdo.jpg?fit=1200%2C366&ssl=1"},"full":{"file":"mozaic-kdo.jpg?fit=2048%2C625&ssl=1","width":2048,"height":625,"mime_type":"image\/jpeg","source_url":"https:\/\/i0.wp.com\/sedirelyon.fr\/lesdiaconessesdurocher\/wp-content\/uploads\/sites\/2\/2016\/02\/mozaic-kdo.jpg?fit=2048%2C625&ssl=1"}},"image_meta":{"aperture":"5.6","credit":"","camera":"NIKON D90","caption":"Mosa\u00efque de de la Porte imp\u00e9riale, Sainte-Sophie (Istanbul, Turquie)","created_timestamp":"1352379515","copyright":"","focal_length":"48","iso":"1000","shutter_speed":"0.066666666666667","title":"Mosa\u00efque de de la Porte imp\u00e9riale, Sainte-Sophie (Istanbul, Turquie)","orientation":"1","keywords":[]}},"post":59,"source_url":"https:\/\/sedirelyon.fr\/lesdiaconessesdurocher\/wp-content\/uploads\/sites\/2\/2016\/02\/mozaic-kdo.jpg","_links":{"self":[{"href":"https:\/\/sedirelyon.fr\/lesdiaconessesdurocher\/wp-json\/wp\/v2\/media\/91","targetHints":{"allow":["GET"]}}],"collection":[{"href":"https:\/\/sedirelyon.fr\/lesdiaconessesdurocher\/wp-json\/wp\/v2\/media"}],"about":[{"href":"https:\/\/sedirelyon.fr\/lesdiaconessesdurocher\/wp-json\/wp\/v2\/types\/attachment"}],"author":[{"embeddable":true,"href":"https:\/\/sedirelyon.fr\/lesdiaconessesdurocher\/wp-json\/wp\/v2\/users\/1"}],"replies":[{"embeddable":true,"href":"https:\/\/sedirelyon.fr\/lesdiaconessesdurocher\/wp-json\/wp\/v2\/comments?post=91"}]}}