{"id":21,"date":"2016-02-15T18:19:33","date_gmt":"2016-02-15T17:19:33","guid":{"rendered":"http:\/\/sedirelyon.fr\/lesdiaconessesdurocher\/?page_id=21"},"modified":"2016-02-15T19:34:28","modified_gmt":"2016-02-15T18:34:28","slug":"allocution-de-mgr-durocher","status":"publish","type":"page","link":"https:\/\/sedirelyon.fr\/lesdiaconessesdurocher\/ecrits-sur-les-femmes\/allocution-de-mgr-durocher\/","title":{"rendered":"Allocution de Mgr Durocher"},"content":{"rendered":"<p><img data-recalc-dims=\"1\" loading=\"lazy\" decoding=\"async\" data-attachment-id=\"22\" data-permalink=\"https:\/\/sedirelyon.fr\/lesdiaconessesdurocher\/ecrits-sur-les-femmes\/allocution-de-mgr-durocher\/mgr-durocher\/\" data-orig-file=\"https:\/\/i0.wp.com\/sedirelyon.fr\/lesdiaconessesdurocher\/wp-content\/uploads\/sites\/2\/2016\/02\/Mgr-Durocher.jpg?fit=333%2C370&amp;ssl=1\" data-orig-size=\"333,370\" data-comments-opened=\"1\" data-image-meta=\"{&quot;aperture&quot;:&quot;0&quot;,&quot;credit&quot;:&quot;Christian&quot;,&quot;camera&quot;:&quot;&quot;,&quot;caption&quot;:&quot;&quot;,&quot;created_timestamp&quot;:&quot;1454501094&quot;,&quot;copyright&quot;:&quot;&quot;,&quot;focal_length&quot;:&quot;0&quot;,&quot;iso&quot;:&quot;0&quot;,&quot;shutter_speed&quot;:&quot;0&quot;,&quot;title&quot;:&quot;&quot;,&quot;orientation&quot;:&quot;0&quot;}\" data-image-title=\"Mgr Durocher\" data-image-description=\"\" data-image-caption=\"\" data-medium-file=\"https:\/\/i0.wp.com\/sedirelyon.fr\/lesdiaconessesdurocher\/wp-content\/uploads\/sites\/2\/2016\/02\/Mgr-Durocher.jpg?fit=270%2C300&amp;ssl=1\" data-large-file=\"https:\/\/i0.wp.com\/sedirelyon.fr\/lesdiaconessesdurocher\/wp-content\/uploads\/sites\/2\/2016\/02\/Mgr-Durocher.jpg?fit=333%2C370&amp;ssl=1\" class=\"size-thumbnail wp-image-22 alignleft\" src=\"https:\/\/i0.wp.com\/sedirelyon.fr\/lesdiaconessesdurocher\/wp-content\/uploads\/sites\/2\/2016\/02\/Mgr-Durocher.jpg?resize=150%2C150&#038;ssl=1\" alt=\"Mgr Durocher\" width=\"150\" height=\"150\" srcset=\"https:\/\/i0.wp.com\/sedirelyon.fr\/lesdiaconessesdurocher\/wp-content\/uploads\/sites\/2\/2016\/02\/Mgr-Durocher.jpg?resize=150%2C150&amp;ssl=1 150w, https:\/\/i0.wp.com\/sedirelyon.fr\/lesdiaconessesdurocher\/wp-content\/uploads\/sites\/2\/2016\/02\/Mgr-Durocher.jpg?zoom=2&amp;resize=150%2C150&amp;ssl=1 300w\" sizes=\"auto, (max-width: 150px) 85vw, 150px\" \/>Lors de la \u00a0\u00bb congr\u00e9gation g\u00e9n\u00e9rale \u00ab\u00a0, Mgr Paul Andr\u00e9 Durocher est intervenu dans son allocution de 3 minutes, sur la situation des femmes dans le monde et a termin\u00e9 par une triple demande:<\/p>\n<ol>\n<li><strong> Que ce Synode consid\u00e8re la possibilit\u00e9 d&rsquo;octroyer \u00e0 des hommes et des femmes mari\u00e9s, bien form\u00e9s et accompagn\u00e9s, la permission de prendre la parole lors des hom\u00e9lies \u00e0 la Messe afin de t\u00e9moigner du lien entre la Parole proclam\u00e9e et leur vie d&rsquo;\u00e9poux et de parents.<\/strong><\/li>\n<li><strong> Qu&rsquo;afin de reconna\u00eetre l&rsquo;\u00e9gale capacit\u00e9 des femmes d&rsquo;assumer des postes d\u00e9cisionnels dans l&rsquo;\u00c9glise, ce Synode recommande de nommer des femmes aux postes qu&rsquo;elles pourraient occuper dans la Curie romaine et dans nos curies dioc\u00e9saines.<\/strong><\/li>\n<li><strong> Enfin, concernant le diaconat permanent, que ce Synode recommande l&rsquo;\u00e9tablissement d&rsquo;un processus qui pourrait \u00e9ventuellement ouvrir aux femmes l&rsquo;acc\u00e8s \u00e0 cet ordre qui, comme le dit la tradition, est orient\u00e9 <\/strong><em><strong>non ad sacerdotium, sed ad ministerium.<\/strong><\/em><\/li>\n<\/ol>\n<p>Pour lire tout le texte:<\/p>\n<p>Les 3 minutes de Mgr paul-Andr\u00e9 Durocher<\/p>\n<p>Les statistiques les plus r\u00e9centes de l&rsquo;Organisation mondiale de la sant\u00e9 r\u00e9v\u00e8lent ce fait troublant: encore aujourd&rsquo;hui, pr\u00e8s d&rsquo;un tiers des femmes dans le monde sont victimes de violence conjugales. Pourtant, dans Familiaris Consortio, le Saint Pape Jean-Paul II avait lanc\u00e9 un vigoureux appel : \u00ab Je demande \u00e0 tous de s&rsquo;engager dans une action pastorale sp\u00e9cifique plus vigoureuse et plus incisive afin que les offences \u00e0 la dignit\u00e9 de la femme soient d\u00e9finitivement \u00e9limin\u00e9es. \u00bb Malheureusement, plus de trente ans plus tard, les femmes continuent de subir discrimination et violence au mains des hommes, y inclus de leurs \u00e9poux.<\/p>\n<p>Devant cette triste et dramatique r\u00e9alit\u00e9, je propose que ce Synode affirme clairement qu&rsquo;une interpr\u00e9tation correcte de l&rsquo;\u00c9criture sainte ne permet jamais de justifier la domination de l&rsquo;homme sur la femme. En particulier, ce Synode devrait affirmer que les passages o\u00f9 Saint Paul parle de la soumission de la femme \u00e0 son mari ne peuvent pas justifier la domination de l&rsquo;homme sur la femme, encore moins la violence \u00e0 son \u00e9gard.<\/p>\n<p>Mais il faut aller plus loin. Pour manifester clairement au monde l&rsquo;\u00e9gale odignit\u00e9 des femmes et des hommes dans l&rsquo;\u00c9glise, nous devrions reprendre la r\u00e9flexion du Pape Beno\u00eet XVI dans son discours au clerg\u00e9 romain en mars 2006 lorsqu&rsquo;il a dit : \u00ab Il est juste de se demander si, dans le service minist\u00e9riel&#8230; on ne peut pas offrir plus de postes, plus de positions de responsabilit\u00e9 aux femmes. \u00bb<\/p>\n<p>Je propose donc trois autres pistes d&rsquo;action \u00e0 ce Synode.<\/p>\n<ol>\n<li>Que ce Synode consid\u00e8re la possibilit\u00e9 d&rsquo;octroyer \u00e0 des hommes et des femmes mari\u00e9s, bien form\u00e9s et accompagn\u00e9s, la permission de prendre la parole lors des hom\u00e9lies \u00e0 la Messe afin de t\u00e9moigner du lien entre la Parole proclam\u00e9e et leur vie d&rsquo;\u00e9poux et de parents.<\/li>\n<li>Qu&rsquo;afin de reconna\u00eetre l&rsquo;\u00e9gale capacit\u00e9 des femmes d&rsquo;assumer des postes d\u00e9cisionnels dans l&rsquo;\u00c9glise, ce Synode recommande de nommer des femmes aux postes qu&rsquo;elles pourraient occuper dans la Curie romaine et dans nos curies dioc\u00e9saines.<\/li>\n<li>Enfin, concernant le diaconat permanent, que ce Synode recommande l&rsquo;\u00e9tablissement d&rsquo;un processus qui pourrait \u00e9ventuellement ouvrir aux femmes l&rsquo;acc\u00e8s \u00e0 cet ordre qui, comme le dit la tradition, est orient\u00e9 <em>non ad sacerdotium, sed ad ministerium.<\/em><\/li>\n<\/ol>\n<p>&nbsp;<\/p>\n<p>&nbsp;<\/p>\n<p>&nbsp;<\/p>\n","protected":false},"excerpt":{"rendered":"<p>Lors de la \u00a0\u00bb congr\u00e9gation g\u00e9n\u00e9rale \u00ab\u00a0, Mgr Paul Andr\u00e9 Durocher est intervenu dans son allocution de 3 minutes, sur la situation des femmes dans le monde et a termin\u00e9 par une triple demande: Que ce Synode consid\u00e8re la possibilit\u00e9 d&rsquo;octroyer \u00e0 des hommes et des femmes mari\u00e9s, bien form\u00e9s et accompagn\u00e9s, la permission de &hellip; <a href=\"https:\/\/sedirelyon.fr\/lesdiaconessesdurocher\/ecrits-sur-les-femmes\/allocution-de-mgr-durocher\/\" class=\"more-link\">Continuer la lecture<span class=\"screen-reader-text\"> de &laquo;&nbsp;Allocution de Mgr Durocher&nbsp;&raquo;<\/span><\/a><\/p>\n","protected":false},"author":1,"featured_media":0,"parent":15,"menu_order":0,"comment_status":"closed","ping_status":"closed","template":"","meta":{"jetpack_post_was_ever_published":false,"footnotes":""},"class_list":["post-21","page","type-page","status-publish","hentry"],"yoast_head":"<!-- This site is optimized with the Yoast SEO plugin v27.5 - https:\/\/yoast.com\/product\/yoast-seo-wordpress\/ -->\n<title>Allocution de Mgr Durocher - Les Diaconesses du Rocher<\/title>\n<meta name=\"robots\" content=\"index, follow, max-snippet:-1, max-image-preview:large, max-video-preview:-1\" \/>\n<link rel=\"canonical\" href=\"https:\/\/sedirelyon.fr\/lesdiaconessesdurocher\/ecrits-sur-les-femmes\/allocution-de-mgr-durocher\/\" \/>\n<meta property=\"og:locale\" content=\"fr_FR\" \/>\n<meta property=\"og:type\" content=\"article\" \/>\n<meta property=\"og:title\" content=\"Allocution de Mgr Durocher - Les Diaconesses du Rocher\" \/>\n<meta property=\"og:description\" content=\"Lors de la \u00a0\u00bb congr\u00e9gation g\u00e9n\u00e9rale \u00ab\u00a0, Mgr Paul Andr\u00e9 Durocher est intervenu dans son allocution de 3 minutes, sur la situation des femmes dans le monde et a termin\u00e9 par une triple demande: Que ce Synode consid\u00e8re la possibilit\u00e9 d&rsquo;octroyer \u00e0 des hommes et des femmes mari\u00e9s, bien form\u00e9s et accompagn\u00e9s, la permission de &hellip; Continuer la lecture de &laquo;&nbsp;Allocution de Mgr Durocher&nbsp;&raquo;\" \/>\n<meta property=\"og:url\" content=\"https:\/\/sedirelyon.fr\/lesdiaconessesdurocher\/ecrits-sur-les-femmes\/allocution-de-mgr-durocher\/\" \/>\n<meta property=\"og:site_name\" content=\"Les Diaconesses du Rocher\" \/>\n<meta property=\"article:modified_time\" content=\"2016-02-15T18:34:28+00:00\" \/>\n<meta property=\"og:image\" content=\"http:\/\/sedirelyon.fr\/lesdiaconessesdurocher\/wp-content\/uploads\/sites\/2\/2016\/02\/Mgr-Durocher-150x150.jpg\" \/>\n<meta name=\"twitter:card\" content=\"summary_large_image\" \/>\n<meta name=\"twitter:label1\" content=\"Dur\u00e9e de lecture estim\u00e9e\" \/>\n\t<meta name=\"twitter:data1\" content=\"3 minutes\" \/>\n<script type=\"application\/ld+json\" class=\"yoast-schema-graph\">{\"@context\":\"https:\\\/\\\/schema.org\",\"@graph\":[{\"@type\":\"WebPage\",\"@id\":\"https:\\\/\\\/sedirelyon.fr\\\/lesdiaconessesdurocher\\\/ecrits-sur-les-femmes\\\/allocution-de-mgr-durocher\\\/\",\"url\":\"https:\\\/\\\/sedirelyon.fr\\\/lesdiaconessesdurocher\\\/ecrits-sur-les-femmes\\\/allocution-de-mgr-durocher\\\/\",\"name\":\"Allocution de Mgr Durocher - Les Diaconesses du Rocher\",\"isPartOf\":{\"@id\":\"https:\\\/\\\/sedirelyon.fr\\\/lesdiaconessesdurocher\\\/#website\"},\"primaryImageOfPage\":{\"@id\":\"https:\\\/\\\/sedirelyon.fr\\\/lesdiaconessesdurocher\\\/ecrits-sur-les-femmes\\\/allocution-de-mgr-durocher\\\/#primaryimage\"},\"image\":{\"@id\":\"https:\\\/\\\/sedirelyon.fr\\\/lesdiaconessesdurocher\\\/ecrits-sur-les-femmes\\\/allocution-de-mgr-durocher\\\/#primaryimage\"},\"thumbnailUrl\":\"https:\\\/\\\/sedirelyon.fr\\\/lesdiaconessesdurocher\\\/wp-content\\\/uploads\\\/sites\\\/2\\\/2016\\\/02\\\/Mgr-Durocher-150x150.jpg\",\"datePublished\":\"2016-02-15T17:19:33+00:00\",\"dateModified\":\"2016-02-15T18:34:28+00:00\",\"breadcrumb\":{\"@id\":\"https:\\\/\\\/sedirelyon.fr\\\/lesdiaconessesdurocher\\\/ecrits-sur-les-femmes\\\/allocution-de-mgr-durocher\\\/#breadcrumb\"},\"inLanguage\":\"fr-FR\",\"potentialAction\":[{\"@type\":\"ReadAction\",\"target\":[\"https:\\\/\\\/sedirelyon.fr\\\/lesdiaconessesdurocher\\\/ecrits-sur-les-femmes\\\/allocution-de-mgr-durocher\\\/\"]}]},{\"@type\":\"ImageObject\",\"inLanguage\":\"fr-FR\",\"@id\":\"https:\\\/\\\/sedirelyon.fr\\\/lesdiaconessesdurocher\\\/ecrits-sur-les-femmes\\\/allocution-de-mgr-durocher\\\/#primaryimage\",\"url\":\"https:\\\/\\\/i0.wp.com\\\/sedirelyon.fr\\\/lesdiaconessesdurocher\\\/wp-content\\\/uploads\\\/sites\\\/2\\\/2016\\\/02\\\/Mgr-Durocher.jpg?fit=333%2C370&ssl=1\",\"contentUrl\":\"https:\\\/\\\/i0.wp.com\\\/sedirelyon.fr\\\/lesdiaconessesdurocher\\\/wp-content\\\/uploads\\\/sites\\\/2\\\/2016\\\/02\\\/Mgr-Durocher.jpg?fit=333%2C370&ssl=1\",\"width\":333,\"height\":370},{\"@type\":\"BreadcrumbList\",\"@id\":\"https:\\\/\\\/sedirelyon.fr\\\/lesdiaconessesdurocher\\\/ecrits-sur-les-femmes\\\/allocution-de-mgr-durocher\\\/#breadcrumb\",\"itemListElement\":[{\"@type\":\"ListItem\",\"position\":1,\"name\":\"Accueil\",\"item\":\"https:\\\/\\\/sedirelyon.fr\\\/lesdiaconessesdurocher\\\/\"},{\"@type\":\"ListItem\",\"position\":2,\"name\":\"Ecrits sur les femmes\",\"item\":\"https:\\\/\\\/sedirelyon.fr\\\/lesdiaconessesdurocher\\\/ecrits-sur-les-femmes\\\/\"},{\"@type\":\"ListItem\",\"position\":3,\"name\":\"Allocution de Mgr Durocher\"}]},{\"@type\":\"WebSite\",\"@id\":\"https:\\\/\\\/sedirelyon.fr\\\/lesdiaconessesdurocher\\\/#website\",\"url\":\"https:\\\/\\\/sedirelyon.fr\\\/lesdiaconessesdurocher\\\/\",\"name\":\"Les Diaconesses du Rocher\",\"description\":\"des femmes dans l&#039;Eglise\",\"potentialAction\":[{\"@type\":\"SearchAction\",\"target\":{\"@type\":\"EntryPoint\",\"urlTemplate\":\"https:\\\/\\\/sedirelyon.fr\\\/lesdiaconessesdurocher\\\/?s={search_term_string}\"},\"query-input\":{\"@type\":\"PropertyValueSpecification\",\"valueRequired\":true,\"valueName\":\"search_term_string\"}}],\"inLanguage\":\"fr-FR\"}]}<\/script>\n<!-- \/ Yoast SEO plugin. -->","yoast_head_json":{"title":"Allocution de Mgr Durocher - Les Diaconesses du Rocher","robots":{"index":"index","follow":"follow","max-snippet":"max-snippet:-1","max-image-preview":"max-image-preview:large","max-video-preview":"max-video-preview:-1"},"canonical":"https:\/\/sedirelyon.fr\/lesdiaconessesdurocher\/ecrits-sur-les-femmes\/allocution-de-mgr-durocher\/","og_locale":"fr_FR","og_type":"article","og_title":"Allocution de Mgr Durocher - Les Diaconesses du Rocher","og_description":"Lors de la \u00a0\u00bb congr\u00e9gation g\u00e9n\u00e9rale \u00ab\u00a0, Mgr Paul Andr\u00e9 Durocher est intervenu dans son allocution de 3 minutes, sur la situation des femmes dans le monde et a termin\u00e9 par une triple demande: Que ce Synode consid\u00e8re la possibilit\u00e9 d&rsquo;octroyer \u00e0 des hommes et des femmes mari\u00e9s, bien form\u00e9s et accompagn\u00e9s, la permission de &hellip; Continuer la lecture de &laquo;&nbsp;Allocution de Mgr Durocher&nbsp;&raquo;","og_url":"https:\/\/sedirelyon.fr\/lesdiaconessesdurocher\/ecrits-sur-les-femmes\/allocution-de-mgr-durocher\/","og_site_name":"Les Diaconesses du Rocher","article_modified_time":"2016-02-15T18:34:28+00:00","og_image":[{"url":"http:\/\/sedirelyon.fr\/lesdiaconessesdurocher\/wp-content\/uploads\/sites\/2\/2016\/02\/Mgr-Durocher-150x150.jpg","type":"","width":"","height":""}],"twitter_card":"summary_large_image","twitter_misc":{"Dur\u00e9e de lecture estim\u00e9e":"3 minutes"},"schema":{"@context":"https:\/\/schema.org","@graph":[{"@type":"WebPage","@id":"https:\/\/sedirelyon.fr\/lesdiaconessesdurocher\/ecrits-sur-les-femmes\/allocution-de-mgr-durocher\/","url":"https:\/\/sedirelyon.fr\/lesdiaconessesdurocher\/ecrits-sur-les-femmes\/allocution-de-mgr-durocher\/","name":"Allocution de Mgr Durocher - Les Diaconesses du Rocher","isPartOf":{"@id":"https:\/\/sedirelyon.fr\/lesdiaconessesdurocher\/#website"},"primaryImageOfPage":{"@id":"https:\/\/sedirelyon.fr\/lesdiaconessesdurocher\/ecrits-sur-les-femmes\/allocution-de-mgr-durocher\/#primaryimage"},"image":{"@id":"https:\/\/sedirelyon.fr\/lesdiaconessesdurocher\/ecrits-sur-les-femmes\/allocution-de-mgr-durocher\/#primaryimage"},"thumbnailUrl":"https:\/\/sedirelyon.fr\/lesdiaconessesdurocher\/wp-content\/uploads\/sites\/2\/2016\/02\/Mgr-Durocher-150x150.jpg","datePublished":"2016-02-15T17:19:33+00:00","dateModified":"2016-02-15T18:34:28+00:00","breadcrumb":{"@id":"https:\/\/sedirelyon.fr\/lesdiaconessesdurocher\/ecrits-sur-les-femmes\/allocution-de-mgr-durocher\/#breadcrumb"},"inLanguage":"fr-FR","potentialAction":[{"@type":"ReadAction","target":["https:\/\/sedirelyon.fr\/lesdiaconessesdurocher\/ecrits-sur-les-femmes\/allocution-de-mgr-durocher\/"]}]},{"@type":"ImageObject","inLanguage":"fr-FR","@id":"https:\/\/sedirelyon.fr\/lesdiaconessesdurocher\/ecrits-sur-les-femmes\/allocution-de-mgr-durocher\/#primaryimage","url":"https:\/\/i0.wp.com\/sedirelyon.fr\/lesdiaconessesdurocher\/wp-content\/uploads\/sites\/2\/2016\/02\/Mgr-Durocher.jpg?fit=333%2C370&ssl=1","contentUrl":"https:\/\/i0.wp.com\/sedirelyon.fr\/lesdiaconessesdurocher\/wp-content\/uploads\/sites\/2\/2016\/02\/Mgr-Durocher.jpg?fit=333%2C370&ssl=1","width":333,"height":370},{"@type":"BreadcrumbList","@id":"https:\/\/sedirelyon.fr\/lesdiaconessesdurocher\/ecrits-sur-les-femmes\/allocution-de-mgr-durocher\/#breadcrumb","itemListElement":[{"@type":"ListItem","position":1,"name":"Accueil","item":"https:\/\/sedirelyon.fr\/lesdiaconessesdurocher\/"},{"@type":"ListItem","position":2,"name":"Ecrits sur les femmes","item":"https:\/\/sedirelyon.fr\/lesdiaconessesdurocher\/ecrits-sur-les-femmes\/"},{"@type":"ListItem","position":3,"name":"Allocution de Mgr Durocher"}]},{"@type":"WebSite","@id":"https:\/\/sedirelyon.fr\/lesdiaconessesdurocher\/#website","url":"https:\/\/sedirelyon.fr\/lesdiaconessesdurocher\/","name":"Les Diaconesses du Rocher","description":"des femmes dans l&#039;Eglise","potentialAction":[{"@type":"SearchAction","target":{"@type":"EntryPoint","urlTemplate":"https:\/\/sedirelyon.fr\/lesdiaconessesdurocher\/?s={search_term_string}"},"query-input":{"@type":"PropertyValueSpecification","valueRequired":true,"valueName":"search_term_string"}}],"inLanguage":"fr-FR"}]}},"jetpack_sharing_enabled":true,"jetpack_shortlink":"https:\/\/wp.me\/P7xNTI-l","jetpack-related-posts":[],"_links":{"self":[{"href":"https:\/\/sedirelyon.fr\/lesdiaconessesdurocher\/wp-json\/wp\/v2\/pages\/21","targetHints":{"allow":["GET"]}}],"collection":[{"href":"https:\/\/sedirelyon.fr\/lesdiaconessesdurocher\/wp-json\/wp\/v2\/pages"}],"about":[{"href":"https:\/\/sedirelyon.fr\/lesdiaconessesdurocher\/wp-json\/wp\/v2\/types\/page"}],"author":[{"embeddable":true,"href":"https:\/\/sedirelyon.fr\/lesdiaconessesdurocher\/wp-json\/wp\/v2\/users\/1"}],"replies":[{"embeddable":true,"href":"https:\/\/sedirelyon.fr\/lesdiaconessesdurocher\/wp-json\/wp\/v2\/comments?post=21"}],"version-history":[{"count":1,"href":"https:\/\/sedirelyon.fr\/lesdiaconessesdurocher\/wp-json\/wp\/v2\/pages\/21\/revisions"}],"predecessor-version":[{"id":23,"href":"https:\/\/sedirelyon.fr\/lesdiaconessesdurocher\/wp-json\/wp\/v2\/pages\/21\/revisions\/23"}],"up":[{"embeddable":true,"href":"https:\/\/sedirelyon.fr\/lesdiaconessesdurocher\/wp-json\/wp\/v2\/pages\/15"}],"wp:attachment":[{"href":"https:\/\/sedirelyon.fr\/lesdiaconessesdurocher\/wp-json\/wp\/v2\/media?parent=21"}],"curies":[{"name":"wp","href":"https:\/\/api.w.org\/{rel}","templated":true}]}}