{"id":399,"date":"2017-06-10T07:16:53","date_gmt":"2017-06-10T06:16:53","guid":{"rendered":"http:\/\/sedirelyon.fr\/lesdiaconessesdurocher\/?page_id=399"},"modified":"2017-06-10T07:16:53","modified_gmt":"2017-06-10T06:16:53","slug":"legion-dhonneur-jean-paul","status":"publish","type":"page","link":"https:\/\/sedirelyon.fr\/lesdiaconessesdurocher\/legion-dhonneur-jean-paul\/","title":{"rendered":"l\u00e9gion d&rsquo;honneur Jean-Paul"},"content":{"rendered":"<p><strong>Remise des insignes de Chevalier de la L\u00e9gion d\u2019honneur \u00e0 Mgr Vesco, \u00e9v\u00eaque d\u2019Oran par M. Cazeneuve<\/strong><\/p>\n<p>5 avril 2017, discours de M. Cazeneuve et de Mgr Vesco, op<\/p>\n<p><strong>Secr\u00e9tariat de Mgr Vesco, op (*)<\/strong><\/p>\n<p>Le 5 avril 2017, Mgr Jean-Paul Vesco, op, recevait la L\u00e9gion d\u2019honneur des mains de M. Cazeneuve, premier ministre de la R\u00e9publique fran\u00e7aise \u00e0 la r\u00e9sidence de l\u2019ambassadeur de France \u00e0 Alger (Alg\u00e9rie). Le premier ministre fran\u00e7ais a profit\u00e9 d\u2019une visite de deux jours en Alg\u00e9rie \u2013 ax\u00e9e sur le renforcement des partenariats \u00e9conomiques et de la lutte antiterroriste \u2013 pour remettre cette distinction \u00e0 l\u2019\u00e9v\u00eaque d\u2019Oran, qu\u2019il conna\u00eet et appr\u00e9cie, rappelant les diff\u00e9rentes \u00e9tapes de sa vie. Nous publions la <em>laudatio <\/em>du premier ministre, dans son int\u00e9gralit\u00e9, puis les remerciements de Mgr Vesco.<\/p>\n<p><strong>Discours du premier ministre, \u00e0 l\u2019occasion de la remise de la L\u00e9gion d\u2019honneur \u00e0 Monseigneur Jean-Paul Vesco, \u00e9v\u00eaque d\u2019Oran<\/strong><\/p>\n<p>Monsieur le pr\u00e9sident de l\u2019Assembl\u00e9e nationale, Cher Claude Bartolone,<br \/>\n\u00c9minence (Monsieur le Cardinal Nzapalainga, archev\u00eaque de Bangui),<br \/>\nMonseigneur (Desfarges, archev\u00eaque d\u2019Alger),<br \/>\nMessieurs les d\u00e9put\u00e9s,<br \/>\nMonsieur le S\u00e9nateur,<br \/>\nMonsieur l\u2019Ambassadeur,<br \/>\nCh\u00e8re Madame,<br \/>\nMonsieur le Consul g\u00e9n\u00e9ral de France \u00e0 Oran,<br \/>\nMesdames, Messieurs,<br \/>\nMonseigneur, Cher Jean-Paul Vesco,<\/p>\n<p>Gr\u00e2ce \u00e0 la chaleureuse hospitalit\u00e9 de notre ambassadeur et de Madame Emie, c\u2019est dans la relative intimit\u00e9 de la r\u00e9sidence des Oliviers, \u00e0 Alger, loin de votre \u00e9v\u00each\u00e9 et de vos fid\u00e8les, que j\u2019ai le plaisir de vous remettre cette haute distinction, en pr\u00e9sence d\u2019abord de vos parents, que je salue chaleureusement, de hautes personnalit\u00e9s de l\u2019\u00c9glise mais \u00e9galement de vos amis.<\/p>\n<p>Nous avions fait connaissance en d\u00e9cembre 2014, lors d\u2019une visite \u00e0 Oran, sur la terre natale de mes parents. Votre sagesse, votre profond amour de l\u2019Alg\u00e9rie m\u2019avaient alors frapp\u00e9, aussi bien que votre engagement \u00e0 redonner toute sa beaut\u00e9 \u00e0 la chapelle de Santa Cruz que vous m\u2019aviez fait visiter. Une deuxi\u00e8me rencontre, cette fois dans les salons de la Villa Bonaparte \u00e0 Rome, au cours de laquelle vous aviez \u00e9voqu\u00e9 les travaux du synode sur la famille auxquels vous participiez, n\u2019avait fait que conforter cette impression.<\/p>\n<p>Je me f\u00e9licite donc de vous retrouver \u00e0 nouveau aujourd\u2019hui, alors que la R\u00e9publique vous t\u00e9moigne sa reconnaissance pour votre action continue en faveur du dialogue interreligieux, entre islam et chr\u00e9tient\u00e9, qui coexistent depuis si longtemps en terre d\u2019Alg\u00e9rie. Et je suis heureux que cette circonstance me permette de prononcer votre \u00e9loge.<\/p>\n<p>Monseigneur,<\/p>\n<p>Vous avez eu une vie riche et bien remplie avant de trouver la vocation du sacerdoce. Car, bien que vous soyez issu d\u2019un milieu profond\u00e9ment catholique \u2013 votre oncle Jean-Luc Vesco a dirig\u00e9 l\u2019\u00c9cole biblique \u00e0 J\u00e9rusalem \u2013, votre premi\u00e8re vocation n\u2019\u00e9tait pas religieuse. Apr\u00e8s avoir suivi votre scolarit\u00e9 secondaire \u00e0 Sainte-Marie Lyon, vous avez choisi de vous inscrire en droit et vous avez aussi suivi des \u00e9tudes de gestion \u00e0 HEC.<\/p>\n<p>Au terme de ce double cursus, vous vous sp\u00e9cialisez logiquement dans le droit des affaires, que vous apprenez \u00e0 appr\u00e9cier alors que vous effectuez vos premiers pas dans un cabinet d\u2019avocats parisien. Apr\u00e8s deux ans de dur labeur, vous ouvrez votre propre cabinet rue du Faubourg-Saint-Honor\u00e9. Clin d\u2019\u0153il du destin, ou signe de la Providence, ce cabinet est situ\u00e9 au 223 de cette rue, tandis que le couvent des dominicains de l\u2019annonciation est au 222.<\/p>\n<p>J\u2019aurais des scrupules \u00e0 faire le r\u00e9cit de votre vocation. D\u2019abord parce qu\u2019il s\u2019agit d\u2019un sujet tr\u00e8s intime ; et aussi parce que l\u2019on m\u2019en a livr\u00e9 deux versions diff\u00e9rentes. Selon la premi\u00e8re, vous vous trouviez sur l\u2019autoroute A13, de retour de Normandie o\u00f9 vous aviez assist\u00e9 \u00e0 l\u2019ordination d\u2019un pr\u00eatre dans la basilique de Lisieux. Mais selon un autre r\u00e9cit, vous accomplissiez un voyage en Hongrie, en compagnie de votre oncle et d\u2019un autre fr\u00e8re dominicain, auxquels vous avez annonc\u00e9 votre intention d\u2019entrer \u00e0 votre tour dans l\u2019Ordre des fr\u00e8res pr\u00eacheurs. Comme quoi, il est certains aspects de la vie de nos concitoyens que m\u00eame un ancien ministre de l\u2019Int\u00e9rieur ne peut se flatter de conna\u00eetre avec certitude. Il y a l\u00e0 quelque chose de rassurant, me semble-t-il, en ces temps o\u00f9 l\u2019on redoute l\u2019existence de \u00ab cabinets noirs \u00bb.<\/p>\n<p>Quoi qu\u2019il en soit, vous avez entam\u00e9 une nouvelle vie, \u00e0 32 ans, en entrant pour un an au noviciat dominicain de Strasbourg. Vous achevez ensuite vos \u00e9tudes de th\u00e9ologie \u00e0 Lyon, o\u00f9 vous rencontrez un homme exceptionnel : G\u00e9rard, un fr\u00e8re dominicain qui fut pr\u00eatre-ouvrier dans une usine. Ce dernier vous explique qu\u2019il compte se rendre en Alg\u00e9rie o\u00f9 l\u2019Ordre dominicain veut refonder une pr\u00e9sence apr\u00e8s l\u2019assassinat de Monseigneur Pierre Claverie, \u00e9v\u00eaque d\u2019Oran.<\/p>\n<p>\u00c0 l\u2019\u00e9poque, l\u2019Alg\u00e9rie vit des heures sombres. Le fl\u00e9au du terrorisme frappe ce pays et je sais que cette \u00e9preuve aura \u00e9t\u00e9 d\u2019autant plus cruelle qu\u2019elle aura \u00e9t\u00e9 subie, bien souvent, dans le silence d\u2019une opinion publique internationale qui tarde alors \u00e0 prendre la pleine mesure de ce qui se d\u00e9roule ici.<\/p>\n<p>Parmi les victimes, aux c\u00f4t\u00e9s des innombrables Alg\u00e9riens de foi musulmane, se sont aussi trouv\u00e9s plusieurs Fran\u00e7ais, profond\u00e9ment attach\u00e9s \u00e0 ce pays et aux liens de fraternit\u00e9 qu\u2019ils avaient tiss\u00e9s avec ses habitants. Nous gardons tous, Fran\u00e7ais et Alg\u00e9riens, un souvenir r\u00e9volt\u00e9 du l\u00e2che assassinat des sept moines de Tibhirine en mai 1996, et des quatre P\u00e8res blancs \u00e0 Tizi Ouzou en d\u00e9cembre 1994. Entre 1994 et 1996, l\u2019\u00c9glise a perdu 19 des siens en Alg\u00e9rie.<\/p>\n<p>Parmi eux, j\u2019ai une pens\u00e9e particuli\u00e8re pour Monseigneur Pierre Claverie, votre pr\u00e9d\u00e9cesseur, \u00e9v\u00eaque d\u2019Oran, assassin\u00e9 le 1<sup>er<\/sup> ao\u00fbt 1996 aux c\u00f4t\u00e9s d\u2019un jeune Alg\u00e9rien musulman, alors qu\u2019il lan\u00e7ait sans rel\u00e2che, et avec un courage exemplaire, ses appels \u00e0 la paix dans une Alg\u00e9rie meurtrie par une violence inou\u00efe. C\u2019est aussi au cours de ces ann\u00e9es \u00e9prouvantes que le cardinal L\u00e9on \u00c9tienne Duval, archev\u00eaque d\u2019Alger et grande figure de l\u2019\u00c9glise dans le pays, nous a quitt\u00e9s, le 30 mai 1996.<\/p>\n<p>Pour votre part, vous arrivez pour la premi\u00e8re fois en Alg\u00e9rie en octobre 2000, \u00e0 B\u00e9ni Abb\u00e8s, l\u00e0 o\u00f9 le p\u00e8re Charles de Foucauld a fond\u00e9 son premier ermitage. Vous venez apprendre l\u2019arabe alg\u00e9rien mais ce premier s\u00e9jour est pour vous une r\u00e9v\u00e9lation : l\u2019Alg\u00e9rie est votre terre d\u2019adoption et vous ne souhaiterez plus jamais la quitter. Dans cette magnifique r\u00e9gion d\u00e9sertique o\u00f9 les relations sont imm\u00e9diates et extraordinairement chaleureuses, vous nouez des amiti\u00e9s durables. Vous y trouvez aussi le calme et la s\u00e9r\u00e9nit\u00e9 n\u00e9cessaires \u00e0 la r\u00e9flexion spirituelle que le p\u00e8re de Foucauld d\u00e9crivait si bien : \u00ab Il faut passer par le d\u00e9sert et y s\u00e9journer pour recevoir la gr\u00e2ce de Dieu ; c\u2019est l\u00e0 qu\u2019on se vide, qu\u2019on chasse de soi tout ce qui n\u2019est pas Dieu et qu\u2019on vide compl\u00e8tement cette petite maison de notre \u00e2me pour laisser toute la place \u00e0 Dieu seul. \u00bb<\/p>\n<p>Apr\u00e8s un s\u00e9jour \u00e0 l\u2019\u00e9cole biblique de J\u00e9rusalem, o\u00f9 vous terminez vos \u00e9tudes et approfondissez votre connaissance de l\u2019islam, vous retournez donc en Alg\u00e9rie, \u00e0 Tlemcen, o\u00f9 vous refondez une pr\u00e9sence dominicaine. Jusqu\u2019\u00e0 votre cons\u00e9cration \u00e9piscopale en la cath\u00e9drale d\u2019Oran en 2013, vous n\u2019aurez de cesse de d\u00e9velopper dans ce pays l\u2019h\u00e9ritage spirituel de Monseigneur Claverie, en appuyant le rapprochement entre chr\u00e9tiens et musulmans, afin que ceux-ci vivent ensemble dans le dialogue, le respect et la fraternit\u00e9. Le lien exceptionnel que vous avez nou\u00e9 avec le directeur de la Grande mosqu\u00e9e d\u2019Oran en t\u00e9moigne : ce dernier vous a d\u2019ailleurs propos\u00e9, lors des r\u00e9centes visites des maires de Lyon et de Bordeaux, de les accueillir \u00e0 ses c\u00f4t\u00e9s dans sa mosqu\u00e9e, en t\u00e9moignage de l\u2019attachement que vous portez l\u2019un et l\u2019autre au dialogue des religions.<\/p>\n<p>R\u00e9fractaire \u00e0 tout pros\u00e9lytisme, vous dirigez l\u2019action de l\u2019\u00c9glise dans le dioc\u00e8se d\u2019Oran vers les plus d\u00e9munis, notamment vers les migrants subsahariens et vers les malades, en particulier ceux atteints du sida. Vous aidez votre communaut\u00e9 forte de quelques milliers de membres \u00e0 conna\u00eetre et \u00e0 comprendre la soci\u00e9t\u00e9 alg\u00e9rienne, ses combats, son histoire sa culture. Votre \u00c9glise se veut profond\u00e9ment \u00ab citoyenne \u00bb : elle met par exemple \u00e0 la disposition de milliers d\u2019\u00e9tudiants alg\u00e9riens des biblioth\u00e8ques de niveau universitaire. Au Centre Pierre Claverie, les enfants peuvent participer \u00e0 des activit\u00e9s de loisirs, comme ils peuvent suivre des cours d\u2019informatique ou de couture.<\/p>\n<p>Dans cette Nation qui a tant souffert des guerres et de la violence, votre pr\u00e9sence apaisante est remarqu\u00e9e et appr\u00e9ci\u00e9e des autorit\u00e9s. Le <em>wali <\/em>d\u2019Oran, votre ami, ne vous appelle-t-il pas d\u2019ailleurs \u00ab Notre \u00e9v\u00eaque \u00bb, tout comme la ministre de la Famille et de la solidarit\u00e9 nationale Mounia Meslem ? Ces relations d\u2019une qualit\u00e9 exceptionnelle vous seront d\u2019une grande aide pour faire aboutir le projet tr\u00e8s ambitieux de r\u00e9novation du sanctuaire de Notre-Dame de Santa Cruz, embl\u00e9matique de la ville d\u2019Oran, que j\u2019ai visit\u00e9 \u00e0 vos c\u00f4t\u00e9s, je l\u2019ai rappel\u00e9, en d\u00e9cembre 2015.<\/p>\n<p>Votre action en vue d\u2019en faire un p\u00f4le culturel destin\u00e9 \u00e0 toute la population a re\u00e7u le soutien des autorit\u00e9s alg\u00e9riennes, et d\u2019abord du <em>wali <\/em>et du maire d\u2019Oran, vos amis, qui se sont engag\u00e9es dans le financement de ce projet de restauration. La France, mais aussi l\u2019Union europ\u00e9enne et des m\u00e9c\u00e8nes priv\u00e9s se sont mobilis\u00e9s pour boucler le financement, comme cela avait \u00e9t\u00e9 fait \u00e0 Annaba pour restaurer la basilique Saint-Augustin d\u2019Hippone, mais aussi \u00e0 Alger avec l\u2019admirable r\u00e9novation de la basilique Notre-Dame d\u2019Afrique. Vous savez combien, avec l\u2019Ambassadeur et avec Laurent Fabius, alors ministre des Affaires \u00e9trang\u00e8res et du d\u00e9veloppement international, nous nous sommes impliqu\u00e9s pour vous aider \u00e0 trouver des financements.<\/p>\n<p>Votre action inlassable se situe dans la continuit\u00e9 de celle des grands \u00e9v\u00eaques qui se sont succ\u00e9d\u00e9s dans ce pays. Qu\u2019il me soit permis d\u2019\u00e9voquer Monseigneur Henri Teissier, archev\u00eaque \u00e9m\u00e9rite d\u2019Alger et figure historique de l\u2019\u00e9glise d\u2019Alg\u00e9rie, qui n\u2019a pas pu \u00eatre des n\u00f4tres ce soir ; et de saluer chaleureusement Monseigneur Paul Desfarges, nouvel archev\u00eaque d\u2019Alger. En sa pr\u00e9sence, je veux dire que, en participant ainsi au rayonnement de l\u2019\u00c9glise telle que vous la concevez, une \u00c9glise de courage, d\u2019amour et de paix, vous contribuez au rapprochement de nos deux pays \u00e0 travers la propagation des valeurs de tol\u00e9rance et de respect.<\/p>\n<p>Mais votre action et votre influence ne s\u2019arr\u00eatent pas aux fronti\u00e8res de l\u2019Alg\u00e9rie.<\/p>\n<p>Vous avez \u00e9t\u00e9 \u00e9lu en d\u00e9cembre 2010 prieur provincial des dominicains de France et vous avez assum\u00e9 cette charge importante pendant deux ans. Vous avez su accompagner ainsi la vocation et la vie de plusieurs centaines de vos fr\u00e8res dominicains, dont les activit\u00e9s sont prodigieusement diverses. Vous avez aussi contribu\u00e9 \u00e0 la r\u00e9novation de cette grande maison que sont les \u00e9ditions du Cerf.<\/p>\n<p>Vos \u00e9crits et vos conf\u00e9rences publiques ont fait de vous, non seulement un acteur de l\u2019\u00c9glise en terre d\u2019islam et un artisan du dialogue entre nos religions, mais un th\u00e9ologien et un r\u00e9formateur.<\/p>\n<p>Vous avez consacr\u00e9 un ouvrage \u00e0 la question de la libert\u00e9 religieuse, o\u00f9 vous d\u00e9crivez notamment les enjeux qu\u2019elle pr\u00e9sente en Alg\u00e9rie et dans les soci\u00e9t\u00e9s de culture musulmane en g\u00e9n\u00e9ral.<\/p>\n<p>Les questions \u00ab familiales \u00bb sont aussi au c\u0153ur de vos r\u00e9flexions. Dans votre ouvrage <em>Tout amour v\u00e9ritable est indissoluble<\/em>, vous avez pris vigoureusement parti dans la question, d\u00e9licate pour l\u2019\u00c9glise, de l\u2019accueil sacramentel des divorc\u00e9s remari\u00e9s. Cette question s\u2019est trouv\u00e9e au c\u0153ur des discussions du Synode sur la famille, \u00e0 Rome, o\u00f9 votre r\u00f4le a \u00e9t\u00e9 remarqu\u00e9. Il ne m\u2019appartient certes pas, ni en tant que repr\u00e9sentant de la R\u00e9publique la\u00efque, (ni m\u00eame en tant que sujet divorc\u00e9 et remari\u00e9 avec la m\u00eame \u00e9pouse), d\u2019avoir une opinion sur cette controverse th\u00e9ologique. Mais je note que vous avez vous-m\u00eame tir\u00e9, avec beaucoup de sagesse, cette conclusion du Synode en \u00e9crivant que le grand texte qui en est issu \u00ab n\u2019est satisfaisant ni pour les uns, ni pour les autres, et que c\u2019est bien ainsi. \u00bb \u00ab Je l\u2019ai sans difficult\u00e9 fait mien parce qu\u2019il est un texte d\u2019unit\u00e9, avez-vous ajout\u00e9, pas seulement de compromis. Il nous emm\u00e8ne chacun un peu plus loin que l\u00e0 o\u00f9 nous pensions aller. \u00bb<\/p>\n<p>\u00ab Aller plus loin que l\u00e0 o\u00f9 nous pensions aller \u00bb, c\u2019est aussi, d\u2019une certaine fa\u00e7on, pour le croyant, l\u2019enjeu du dialogue interreligieux ; et pour celui qui ne croit pas, une maxime d\u2019ouverture d\u2019esprit et de refus des pr\u00e9jug\u00e9s.<\/p>\n<p>En cela, votre pens\u00e9e et votre action rejoignent celle de cette admirable figure de l\u2019islam et de l\u2019Alg\u00e9rie qu\u2019a \u00e9t\u00e9 l\u2019\u00c9mir Abd El-Kader. Dans sa <em>Lettre aux Fran\u00e7ais<\/em>, il soulignait comme vous la parent\u00e9 des trois grandes religions monoth\u00e9istes. Quelques ann\u00e9es plus tard, en 1860 \u00e0 Damas, Abd El-Kader eut l\u2019occasion de mettre ses paroles en acte, en sauvant d\u2019un massacre pr\u00e9visible des chr\u00e9tiens, dont le consul de France. Pour cet acte de courage et de fraternit\u00e9, il fut d\u00e9cor\u00e9 de la L\u00e9gion d\u2019honneur, distinction qu\u2019il accepta sans h\u00e9siter. Puissent ses appels \u00e0 la tol\u00e9rance, comme les v\u00f4tres, \u00eatre encore entendus de nos jours de part et d\u2019autre de la M\u00e9diterran\u00e9e.<\/p>\n<p>Monseigneur,<\/p>\n<p>Je m\u2019appr\u00eate donc aujourd\u2019hui \u00e0 faire chevalier de la L\u00e9gion d\u2019honneur un \u00e9minent citoyen fran\u00e7ais qui a beaucoup contribu\u00e9 \u00e0 renforcer les liens entre deux grands pays.<\/p>\n<p>On m\u2019a fait part de votre souhait de demander la nationalit\u00e9 alg\u00e9rienne, sans renier la v\u00f4tre le moins du monde, bien entendu, mais pour t\u00e9moigner du lien si fort qui vous attache \u00e0 cette terre. Vous rejoindriez alors la communaut\u00e9 des quelque cinq cent mille binationaux Franco-Alg\u00e9riens. Cette communaut\u00e9, vous le savez, fait parfois l\u2019objet d\u2019attaques ou d\u2019injustes soup\u00e7ons. Mon gouvernement a toujours tenu \u00e0 la d\u00e9fendre au nom d\u2019une certaine tradition r\u00e9publicaine, qui consid\u00e8re la double nationalit\u00e9 comme une richesse. J\u2019ai pour ma part la conviction, que, si cette nationalit\u00e9 vous \u00e9tait accord\u00e9e, vous n\u2019en seriez que plus Fran\u00e7ais, si cela est possible.<\/p>\n<p>Monseigneur Jean-Paul Vesco, au nom du pr\u00e9sident de la R\u00e9publique et en vertu des pouvoirs qui nous sont conf\u00e9r\u00e9s, nous vous faisons chevalier de la L\u00e9gion d\u2019honneur.<\/p>\n<p><strong>Remerciements, R\u00e9sidence de l\u2019Ambassadeur de France \u00e0 Alger, le 5 avril 2017<\/strong><\/p>\n<p>Monsieur le premier ministre,<br \/>\nMesdames et Messieurs les Ministres, \u00e9lus de la R\u00e9publiques et hautes personnalit\u00e9s fran\u00e7aises,<br \/>\nMonsieur l\u2019Ambassadeur,<br \/>\nch\u00e8re Isabelle,<br \/>\nchers membres des Corps diplomatiques et consulaires,<br \/>\n\u00c9minence et cher fr\u00e8re Dieudonn\u00e9,<br \/>\nMonseigneur le Nonce apostolique,<br \/>\nMonseigneur l\u2019Archev\u00eaque d\u2019Alger,<br \/>\nchers fr\u00e8res dans le sacrement de l\u2019ordre,<br \/>\nchers amis,<br \/>\n\u00e9tant mises \u00e0 part la fiert\u00e9 et la gratitude que suscite naturellement l\u2019octroi d\u2019une distinction telle que la L\u00e9gion d\u2019honneur, la recevoir ne va pas de soi, loin s\u2019en faut, et cela pour au moins trois raisons.<\/p>\n<p><strong>La premi\u00e8re raison<\/strong> est que, sans fausse modestie mal plac\u00e9e, j\u2019ai bien conscience de ne pas la m\u00e9riter, ou du moins de ne pas la m\u00e9riter davantage que tant et tant d\u2019autres, notamment tant d\u2019hommes et de femmes qui \u0153uvrent ou ont \u0153uvr\u00e9 avec moi et autant que moi dans ce pays au sein de l\u2019\u00c9glise catholique. C\u2019est bien s\u00fbr \u00e0 eux d\u2019abord que je veux d\u00e9dier cet honneur qui m\u2019est fait. Gr\u00e2ce \u00e0 Dieu, il y a longtemps que j\u2019ai appris qu\u2019\u00eatre \u00e0 la t\u00eate d\u2019une institution aussi modeste soit-elle \u2013 mais cela doit \u00eatre encore plus vrai \u00e0 la t\u00eate d\u2019un gouvernement (!) \u2013 suppose d\u2019accepter de recevoir des \u00e9loges que l\u2019on ne m\u00e9rite pas toujours, et aussi d\u2019essuyer des critiques que l\u2019on ne m\u00e9rite pas toujours non plus. Alors, de temps en temps, ne boudons pas les \u00e9loges ! Il est clair en tous les cas que je partage absolument l\u2019avis de ceux qui estimeraient que cette distinction n\u2019est pas justifi\u00e9e. Davantage que de r\u00e9compenser un pass\u00e9, j\u2019ai bien conscience que cette distinction dessine un horizon \u00e0 atteindre, et je suis bien d\u00e9cid\u00e9 \u00e0 m\u2019employer \u00e0 ce que le futur donne tort demain \u00e0 ceux \u00e0 qui le pr\u00e9sent donne raison aujourd\u2019hui.<\/p>\n<p><strong>La seconde raison<\/strong> pour laquelle recevoir cette distinction ne va pas de soi, c\u2019est que le fait qu\u2019un \u00e9v\u00eaque soit, \u00e8s qualit\u00e9s, d\u00e9cor\u00e9 par la R\u00e9publique peut faire craindre, de part et d\u2019autre, un m\u00e9lange des genres, une inf\u00e9odation d\u2019un c\u00f4t\u00e9, une atteinte \u00e0 une certaine conception de la la\u00efcit\u00e9 de l\u2019autre. Je sais, Monsieur le premier ministre, qu\u2019une telle conception maximaliste de la la\u00efcit\u00e9 n\u2019est pas la v\u00f4tre. Paradoxalement, c\u2019est sans doute cette zone un peu grise qui donne le plus de sens \u00e0 l\u2019honneur qui m\u2019est fait. Depuis l\u2019ind\u00e9pendance du pays et l\u2019appel lanc\u00e9 par le cardinal Duval \u00e0 ses pr\u00eatres, religieux (ses) de rester en Alg\u00e9rie malgr\u00e9 le d\u00e9part du peuple chr\u00e9tien, l\u2019\u00c9glise catholique a eu \u00e0 c\u0153ur de contribuer autant qu\u2019elle le peut \u00e0 la vie d\u2019une soci\u00e9t\u00e9 d\u2019essence musulmane, au travers de ces \u00e9coles, de ses dispensaires, puis de bien des mani\u00e8res apr\u00e8s la nationalisation des secteurs de la sant\u00e9 et de l\u2019\u00e9ducation dans les ann\u00e9es 75. Dit autrement, l\u2019\u00c9glise catholique, consid\u00e9r\u00e9e comme \u00e9trang\u00e8re (ce qu\u2019elle n\u2019est pas juridiquement) et majoritairement compos\u00e9e de Non-Alg\u00e9riens veut \u00eatre une \u00c9glise pleinement citoyenne de ce pays. Non pas au sens o\u00f9 elle revendiquerait des droits, et notamment des droits politiques, mais au sens o\u00f9 elle revendique le droit d\u2019exercer ses devoirs de citoyen. Plus que tout, l\u2019\u00c9glise catholique est attach\u00e9e \u00e0 \u00e9viter un repli communautaire, une sorte d\u2019aum\u00f4nerie pour chr\u00e9tiens \u00e9trangers vivants en Alg\u00e9rie.<\/p>\n<p>Ce qui est vrai pour l\u2019Alg\u00e9rie l\u2019est tout autant pour la France. La perte de pouvoir temporel est une chance pour le christianisme qui n\u2019a jamais eu vocation \u00e0 \u00eatre la matrice d\u2019un ordre politique. Chaque fois que cela a \u00e9t\u00e9 le cas, l\u2019\u00c9glise a perdu un peu de son \u00e2me. L\u2019exp\u00e9rience de l\u2019\u00c9glise en Alg\u00e9rie permet d\u2019exp\u00e9rimenter la v\u00e9rit\u00e9 de la phrase de saint Paul : \u00ab quand je suis faible, c\u2019est alors que je suis fort \u00bb. Et d\u2019une fa\u00e7on plus g\u00e9n\u00e9rale, on n\u2019est jamais aussi intelligent que lorsqu\u2019on est minoritaire, \u00e0 la condition bien s\u00fbr de ne pas succomber \u00e0 la tentation du repli identitaire. Je r\u00eave pour mon pays, d\u2019une la\u00efcit\u00e9 ouverte o\u00f9 chacun aurait \u00e0 c\u0153ur d\u2019amener le meilleur de sa tradition, de sa religion dans le respect de la libert\u00e9, de la dignit\u00e9 et des croyances des autres. Une la\u00efcit\u00e9 qui ne commande pas de laisser sa foi au portemanteau mais qui demeure intransigeante sur le respect des lois de la R\u00e9publique dessine le chemin vers cette humanit\u00e9 plurielle ch\u00e8re \u00e0 Monseigneur Pierre Claverie, \u00e9v\u00eaque d\u2019Oran, assassin\u00e9 le 1er ao\u00fbt 1996. La pr\u00e9sence ce soir de Son \u00c9minence le cardinal Dieudonn\u00e9 Nzapalainga, archev\u00eaque de Bangui est l\u00e0 pour nous rappeler que la religion v\u00e9ritablement pratiqu\u00e9e est davantage du c\u00f4t\u00e9 de la solution que du probl\u00e8me selon l\u2019expression du cardinal Jean-Louis Tauran. Pendant les \u00e9v\u00e9nements qui ont ensanglant\u00e9 la Centrafrique au d\u00e9but de l\u2019ann\u00e9e 2013, l\u2019archev\u00eaque a accueilli l\u2019imam et sa famille pendant six mois \u00e0 l\u2019archev\u00each\u00e9, et ensemble, avec le pasteur protestant, ils ont eu le courage de pr\u00eacher ensemble la paix et la mod\u00e9ration aux membres de leurs communaut\u00e9s respectives victimes de la violence et aspir\u00e9es par la spirale infernale de la vengeance.<br \/>\nLes relations entre l\u2019\u00c9glise et les autorit\u00e9s diplomatiques et consulaires ont ici toujours \u00e9t\u00e9 empreintes de ce respect de la diff\u00e9rence des genres, dans la cordialit\u00e9 et le soutien v\u00e9ritable chaque fois que n\u00e9cessaire, et de cela je rends gr\u00e2ce. Je dois toutefois \u00e0 la v\u00e9rit\u00e9, Monsieur le Consul G\u00e9n\u00e9ral d\u2019Oran et cher G\u00e9rard, que l\u2019\u00e9v\u00eaque a davantage sollicit\u00e9 le Consul G\u00e9n\u00e9ral pour faire avancer une demande de visa que le Consul G\u00e9n\u00e9ral a sollicit\u00e9 l\u2019\u00e9v\u00eaque pour faire avancer une demande de bapt\u00eame. Tu as \u00e9t\u00e9 d\u2019une discr\u00e9tion et d\u2019une retenue exemplaire, je ne peux pas en dire tout \u00e0 fait autant !<\/p>\n<p><strong>La troisi\u00e8me raison<\/strong> pour laquelle recevoir cette distinction ne va pas de soi, c\u2019est qu\u2019il ne va pas du tout de soi de recevoir, a fortiori en tant qu\u2019\u00e9v\u00eaque, une d\u00e9coration fran\u00e7aise en Alg\u00e9rie. Tout d\u2019abord parce qu\u2019il nous faut sans cesse r\u00e9p\u00e9ter que, contrairement \u00e0 une id\u00e9e qui a la vie dure, l\u2019\u00c9glise en Alg\u00e9rie ce n\u2019est pas la France mais l\u2019\u00c9glise universelle. Et de fait, il n\u2019y a pas moins de cinquante nationalit\u00e9s r\u00e9guli\u00e8rement pr\u00e9sentes dans nos assembl\u00e9es. Mais surtout, pas seulement dans l\u2019\u00c9glise et pas seulement en Alg\u00e9rie, on est sans cesse rattrap\u00e9 par la tentation de penser qu\u2019on serait d\u2019autant plus \u00ab alg\u00e9rien \u00bb qu\u2019on serait moins \u00ab fran\u00e7ais \u00bb. La complexit\u00e9 des relations et de l\u2019histoire entre la France et l\u2019Alg\u00e9rie, entre les Fran\u00e7ais et les Alg\u00e9riens entre eux et jusqu\u2019\u00e0 l\u2019int\u00e9rieur d\u2019eux-m\u00eames induisent, de part et d\u2019autre, ce sentiment destructeur. L\u2019histoire des deux est l\u2019histoire d\u2019une amiti\u00e9 bless\u00e9e et la France et l\u2019Alg\u00e9rie se blessent non pas comme des indiff\u00e9rents, ou m\u00eame des ennemis, mais comme seuls des amis savent se blesser. Alors oui, je suis \u00e9v\u00eaque en Alg\u00e9rie, et \u00e0 ce titre je travaille \u00e0 t\u00e9moigner autant que je le peux que la diff\u00e9rence religieuse est peu de chose au regard de notre commune humanit\u00e9, sauf un enrichissement mutuel. Mais je suis aussi fran\u00e7ais, et \u00e0 ce titre, je m\u2019emploie \u00e0 retisser tous les liens de cette amiti\u00e9 qui demeure une chance formidable pour nos deux pays. La France et l\u2019Alg\u00e9rie ont de toutes les fa\u00e7ons destins d\u00e9finitivement li\u00e9s, et cela ne fait que commencer du fait de la d\u00e9mographie et du mouvement des personnes. Alors, lorsque l\u2019on est condamn\u00e9 \u00e0 vivre ensemble, pourquoi ne pas d\u00e9cider de s\u2019aimer ?<\/p>\n<p>Je voudrais \u00e0 pr\u00e9sent dire merci.<\/p>\n<p>Mon premier merci s\u2019adresse au Ciel qui me donne la joie d\u2019offrir ce moment \u00e0 mes parents venus vivre P\u00e2ques en Alg\u00e9rie. Les enfants, fussent-ils \u00e9v\u00eaques, sont souvent ingrats et rendent bien peu de l\u2019amour qui les a construits. Cette soir\u00e9e me permet de refaire un peu de mon retard !<\/p>\n<p>Chacun des amis pr\u00e9sents ici occupe une place particuli\u00e8re et repr\u00e9sente ceux qui n\u2019ont pas pu \u00eatre l\u00e0. Qu\u2019il me soit permis de n\u2019en citer que quelques-uns, en priorit\u00e9 ceux de ce pays.<\/p>\n<p>Merci \u00e0 toi cher Sherif d\u2019\u00eatre l\u00e0 pour repr\u00e9senter ceux qui ont su mener le combat pour l\u2019ind\u00e9pendance de leur pays et vivre ensuite une relation pacifi\u00e9e avec la France et les Fran\u00e7ais, notamment avec ceux qui, comme moi, qui ont l\u2019\u00e2ge de l\u2019Alg\u00e9rie ind\u00e9pendante.<\/p>\n<p>Merci \u00e0 ton \u00e9pouse, ch\u00e8re Myriam, qui t\u00e9moigne par sa vie et ses engagements tant en France qu\u2019en Alg\u00e9rie que la diff\u00e9rence religieuse peut nourrir la communion spirituelle plut\u00f4t qu\u2019y faire obstacle.<\/p>\n<p>Merci \u00e0 vous cher Slim, ch\u00e8re Rym et cher Rachid d\u2019incarner \u00e0 mes yeux une Alg\u00e9rie qui va de l\u2019avant et qui entreprend. Vous avez en commun d\u2019avoir \u00e0 c\u0153ur de participer \u00e0 la construction de l\u2019avenir de votre pays en m\u00eame temps que vous poursuivez une aventure entrepreneuriale.<\/p>\n<p>Merci \u00e0 toi cher Hichem, dit \u00ab Le Hic \u00bb, de ton amiti\u00e9, de ton talent et de ta force tranquille. Tu es en quelque sorte \u00e0 l\u2019Alg\u00e9rie ce que Plantu est \u00e0 la France. Je n\u2019ai jamais compris comment ton humour d\u00e9vastateur, mais jamais aigre, pouvait se conjuguer avec une vraie gentillesse. J\u2019ai fait l\u2019exp\u00e9rience personnelle, le 10 mars dernier, qu\u2019il est presque agr\u00e9able de faire les frais de tes traits. Il se peut que tout le monde n\u2019en dise pas autant !<\/p>\n<p>Merci \u00e0 toi cher Fay\u00e7al d\u2019avoir tenu \u00e0 \u00eatre pr\u00e9sent ce soir. En tant qu\u2019\u00e9conome tu es sans doute le seul musulman en vraie responsabilit\u00e9 dans un dioc\u00e8se catholique, et pour moi, tu es ce pr\u00e9cieux fr\u00e8re d\u2019armes depuis plus de dix ans. Merci \u00e0 toi cher Hubert d\u2019\u00eatre ce compagnon autant que le Vicaire G\u00e9n\u00e9ral du dioc\u00e8se, et \u00e0 toi Jean d\u2019avoir engag\u00e9 notre amiti\u00e9 au service du projet de restauration du site de Santa Cruz, notamment en organisant le jumelage des plus jeunes g\u00e9n\u00e9rations.<\/p>\n<p>Je veux bien s\u00fbr dire ma gratitude particuli\u00e8re \u00e0 mes amis Vincenzo et Dominique pour qui amiti\u00e9 rime de fa\u00e7on particuli\u00e8re avec g\u00e9n\u00e9rosit\u00e9. Vincenzo, tu as en plusieurs occasions donn\u00e9 physiquement corps \u00e0 mes anges gardiens !<\/p>\n<p>Merci \u00e0 mes fr\u00e8res repr\u00e9sentants cette autre famille pour moi, celle de l\u2019\u00c9glise universelle et celle qui est en Alg\u00e9rie. Il n\u2019\u00e9tait gu\u00e8re possible d\u2019ouvrir plus largement l\u2019espace de cette r\u00e9ception mais par vous, c\u2019est toute l\u2019\u00c9glise qui est pr\u00e9sente.<\/p>\n<p>Monsieur l\u2019Ambassadeur et cher Bernard, je sais ce que je dois \u00e0 votre amiti\u00e9. Pardon : \u00e0 ton amiti\u00e9. Comme souvent, elle a laiss\u00e9 entrevoir sa possibilit\u00e9 d\u00e8s notre premi\u00e8re rencontre. \u00c0 peine nomm\u00e9, tu es venu \u00e0 Oran et tu as souhait\u00e9 te rendre \u00e0 l\u2019\u00e9v\u00each\u00e9 pour d\u00e9poser une gerbe de fleurs sur la tombe de Monseigneur Pierre Claverie. Difficile d\u2019imaginer meilleure entr\u00e9e en mati\u00e8re. Tu as ensuite visit\u00e9 le site de Notre Dame de Santa Cruz et j\u2019ai bien s\u00fbr \u00e9t\u00e9 profond\u00e9ment et d\u00e9finitivement touch\u00e9 par ton ind\u00e9fectible soutien, notamment lorsque tu as compris qu\u2019il fallait sauver \u00ab le soldat Vesco \u00bb. C\u2019est un soutien que l\u2019on n\u2019oublie jamais. Je sais aussi que je dois l\u2019honneur qui m\u2019est fait \u00e0 ton amiti\u00e9 et cela n\u2019enl\u00e8ve rien \u00e0 la valeur de cette d\u00e9coration, elle n\u2019en a que davantage de go\u00fbt. Ce go\u00fbt de l\u2019amiti\u00e9 qui sera le sien sera une motivation suppl\u00e9mentaire pour la porter.<\/p>\n<p>Monsieur le premier ministre, notre premi\u00e8re rencontre, une claire soir\u00e9e d\u2019hiver au sommet de Santa Cruz \u00e9tait plac\u00e9e elle aussi sous le signe de l\u2019amiti\u00e9. Ces choses-l\u00e0 ne s\u2019expliquent pas. Vous avez \u00e9t\u00e9 accueilli comme un enfant d\u2019Oran par les autorit\u00e9s locales, avec une chaleur que je n\u2019avais jamais per\u00e7ue \u00e0 ce point lors d\u2019aucune autre rencontre officielle pourtant toujours conviviales et m\u00eames souvent fraternelles. Vous m\u2019aviez promis de m\u2019aider dans le projet de restauration de ce sanctuaire dont l\u2019\u00e9vocation a berc\u00e9 votre enfance et vous avez tenu parole.<\/p>\n<p>Quelques jours apr\u00e8s, la France \u00e9tait \u00e9branl\u00e9e par l\u2019attentat de <em>Charlie Hebdo<\/em>. J\u2019ai voulu vous faire passer un message de soutien, et quelle ne fut pas ma surprise de recevoir de Gabriel Kunde, votre incroyable chef de cabinet, une r\u00e9ponse m\u2019indiquant qu\u2019il vous avait transmis mon message, alors qu\u2019une cellule de crise \u00e9tait r\u00e9unie place Beauvau et que les fr\u00e8res Kouachi \u00e9taient encore en cavale ! Ensuite, lors de chacun des attentats qui a endeuill\u00e9 le pays, j\u2019ai ressenti le besoin de vous dire que je priais pour vous, et c\u2019\u00e9tait vrai. Lorsque vous \u00eates entr\u00e9 dans le Bataclan pour d\u00e9couvrir l\u2019innommable, un \u00e9v\u00eaque priait pour vous \u00e0 Oran, sachant bien qu\u2019il est des images qui ne s\u2019effaceraient d\u00e9sormais jamais de votre m\u00e9moire. Merci Monsieur le premier ministre d\u2019avoir \u00e9t\u00e9 cette voix et cette pr\u00e9sence apaisante et s\u00fbre en ces heures dramatiques.<\/p>\n<p>Il se murmure que ce profil pour moi l\u2019\u00e9ventualit\u00e9 de pouvoir vous appeler \u00ab cher confr\u00e8re \u00bb dans les semaines \u00e0 venir. Dont acte. Mais ce soir permettez-moi de vous appeler simplement \u00ab fr\u00e8re \u00bb et d\u2019avoir la conviction que vous \u00eates un des grands serviteurs de l\u2019\u00c9tat dont la France peut s\u2019enorgueillir.<\/p>\n<p>Merci de votre attention.<\/p>\n<p>+ fr. Jean-Paul Vesco op<\/p>\n<p>&nbsp;<\/p>\n","protected":false},"excerpt":{"rendered":"<p>Remise des insignes de Chevalier de la L\u00e9gion d\u2019honneur \u00e0 Mgr Vesco, \u00e9v\u00eaque d\u2019Oran par M. Cazeneuve 5 avril 2017, discours de M. Cazeneuve et de Mgr Vesco, op Secr\u00e9tariat de Mgr Vesco, op (*) Le 5 avril 2017, Mgr Jean-Paul Vesco, op, recevait la L\u00e9gion d\u2019honneur des mains de M. Cazeneuve, premier ministre de &hellip; <a href=\"https:\/\/sedirelyon.fr\/lesdiaconessesdurocher\/legion-dhonneur-jean-paul\/\" class=\"more-link\">Continuer la lecture<span class=\"screen-reader-text\"> de &laquo;&nbsp;l\u00e9gion d&rsquo;honneur Jean-Paul&nbsp;&raquo;<\/span><\/a><\/p>\n","protected":false},"author":1,"featured_media":0,"parent":0,"menu_order":0,"comment_status":"closed","ping_status":"closed","template":"","meta":{"jetpack_post_was_ever_published":false,"footnotes":""},"class_list":["post-399","page","type-page","status-publish","hentry"],"yoast_head":"<!-- This site is optimized with the Yoast SEO plugin v27.4 - https:\/\/yoast.com\/product\/yoast-seo-wordpress\/ -->\n<title>l\u00e9gion d&#039;honneur Jean-Paul - Les Diaconesses du Rocher<\/title>\n<meta name=\"robots\" content=\"index, follow, max-snippet:-1, max-image-preview:large, max-video-preview:-1\" \/>\n<link rel=\"canonical\" href=\"http:\/\/sedirelyon.fr\/lesdiaconessesdurocher\/legion-dhonneur-jean-paul\/\" \/>\n<meta property=\"og:locale\" content=\"fr_FR\" \/>\n<meta property=\"og:type\" content=\"article\" \/>\n<meta property=\"og:title\" content=\"l\u00e9gion d&#039;honneur Jean-Paul - Les Diaconesses du Rocher\" \/>\n<meta property=\"og:description\" content=\"Remise des insignes de Chevalier de la L\u00e9gion d\u2019honneur \u00e0 Mgr Vesco, \u00e9v\u00eaque d\u2019Oran par M. Cazeneuve 5 avril 2017, discours de M. Cazeneuve et de Mgr Vesco, op Secr\u00e9tariat de Mgr Vesco, op (*) Le 5 avril 2017, Mgr Jean-Paul Vesco, op, recevait la L\u00e9gion d\u2019honneur des mains de M. Cazeneuve, premier ministre de &hellip; Continuer la lecture de &laquo;&nbsp;l\u00e9gion d&rsquo;honneur Jean-Paul&nbsp;&raquo;\" \/>\n<meta property=\"og:url\" content=\"http:\/\/sedirelyon.fr\/lesdiaconessesdurocher\/legion-dhonneur-jean-paul\/\" \/>\n<meta property=\"og:site_name\" content=\"Les Diaconesses du Rocher\" \/>\n<meta name=\"twitter:card\" content=\"summary_large_image\" \/>\n<meta name=\"twitter:label1\" content=\"Dur\u00e9e de lecture estim\u00e9e\" \/>\n\t<meta name=\"twitter:data1\" content=\"25 minutes\" \/>\n<script type=\"application\/ld+json\" class=\"yoast-schema-graph\">{\"@context\":\"https:\\\/\\\/schema.org\",\"@graph\":[{\"@type\":\"WebPage\",\"@id\":\"http:\\\/\\\/sedirelyon.fr\\\/lesdiaconessesdurocher\\\/legion-dhonneur-jean-paul\\\/\",\"url\":\"http:\\\/\\\/sedirelyon.fr\\\/lesdiaconessesdurocher\\\/legion-dhonneur-jean-paul\\\/\",\"name\":\"l\u00e9gion d'honneur Jean-Paul - Les Diaconesses du Rocher\",\"isPartOf\":{\"@id\":\"https:\\\/\\\/sedirelyon.fr\\\/lesdiaconessesdurocher\\\/#website\"},\"datePublished\":\"2017-06-10T06:16:53+00:00\",\"breadcrumb\":{\"@id\":\"http:\\\/\\\/sedirelyon.fr\\\/lesdiaconessesdurocher\\\/legion-dhonneur-jean-paul\\\/#breadcrumb\"},\"inLanguage\":\"fr-FR\",\"potentialAction\":[{\"@type\":\"ReadAction\",\"target\":[\"http:\\\/\\\/sedirelyon.fr\\\/lesdiaconessesdurocher\\\/legion-dhonneur-jean-paul\\\/\"]}]},{\"@type\":\"BreadcrumbList\",\"@id\":\"http:\\\/\\\/sedirelyon.fr\\\/lesdiaconessesdurocher\\\/legion-dhonneur-jean-paul\\\/#breadcrumb\",\"itemListElement\":[{\"@type\":\"ListItem\",\"position\":1,\"name\":\"Accueil\",\"item\":\"https:\\\/\\\/sedirelyon.fr\\\/lesdiaconessesdurocher\\\/\"},{\"@type\":\"ListItem\",\"position\":2,\"name\":\"l\u00e9gion d&rsquo;honneur Jean-Paul\"}]},{\"@type\":\"WebSite\",\"@id\":\"https:\\\/\\\/sedirelyon.fr\\\/lesdiaconessesdurocher\\\/#website\",\"url\":\"https:\\\/\\\/sedirelyon.fr\\\/lesdiaconessesdurocher\\\/\",\"name\":\"Les Diaconesses du Rocher\",\"description\":\"des femmes dans l&#039;Eglise\",\"potentialAction\":[{\"@type\":\"SearchAction\",\"target\":{\"@type\":\"EntryPoint\",\"urlTemplate\":\"https:\\\/\\\/sedirelyon.fr\\\/lesdiaconessesdurocher\\\/?s={search_term_string}\"},\"query-input\":{\"@type\":\"PropertyValueSpecification\",\"valueRequired\":true,\"valueName\":\"search_term_string\"}}],\"inLanguage\":\"fr-FR\"}]}<\/script>\n<!-- \/ Yoast SEO plugin. -->","yoast_head_json":{"title":"l\u00e9gion d'honneur Jean-Paul - Les Diaconesses du Rocher","robots":{"index":"index","follow":"follow","max-snippet":"max-snippet:-1","max-image-preview":"max-image-preview:large","max-video-preview":"max-video-preview:-1"},"canonical":"http:\/\/sedirelyon.fr\/lesdiaconessesdurocher\/legion-dhonneur-jean-paul\/","og_locale":"fr_FR","og_type":"article","og_title":"l\u00e9gion d'honneur Jean-Paul - Les Diaconesses du Rocher","og_description":"Remise des insignes de Chevalier de la L\u00e9gion d\u2019honneur \u00e0 Mgr Vesco, \u00e9v\u00eaque d\u2019Oran par M. Cazeneuve 5 avril 2017, discours de M. Cazeneuve et de Mgr Vesco, op Secr\u00e9tariat de Mgr Vesco, op (*) Le 5 avril 2017, Mgr Jean-Paul Vesco, op, recevait la L\u00e9gion d\u2019honneur des mains de M. Cazeneuve, premier ministre de &hellip; Continuer la lecture de &laquo;&nbsp;l\u00e9gion d&rsquo;honneur Jean-Paul&nbsp;&raquo;","og_url":"http:\/\/sedirelyon.fr\/lesdiaconessesdurocher\/legion-dhonneur-jean-paul\/","og_site_name":"Les Diaconesses du Rocher","twitter_card":"summary_large_image","twitter_misc":{"Dur\u00e9e de lecture estim\u00e9e":"25 minutes"},"schema":{"@context":"https:\/\/schema.org","@graph":[{"@type":"WebPage","@id":"http:\/\/sedirelyon.fr\/lesdiaconessesdurocher\/legion-dhonneur-jean-paul\/","url":"http:\/\/sedirelyon.fr\/lesdiaconessesdurocher\/legion-dhonneur-jean-paul\/","name":"l\u00e9gion d'honneur Jean-Paul - Les Diaconesses du Rocher","isPartOf":{"@id":"https:\/\/sedirelyon.fr\/lesdiaconessesdurocher\/#website"},"datePublished":"2017-06-10T06:16:53+00:00","breadcrumb":{"@id":"http:\/\/sedirelyon.fr\/lesdiaconessesdurocher\/legion-dhonneur-jean-paul\/#breadcrumb"},"inLanguage":"fr-FR","potentialAction":[{"@type":"ReadAction","target":["http:\/\/sedirelyon.fr\/lesdiaconessesdurocher\/legion-dhonneur-jean-paul\/"]}]},{"@type":"BreadcrumbList","@id":"http:\/\/sedirelyon.fr\/lesdiaconessesdurocher\/legion-dhonneur-jean-paul\/#breadcrumb","itemListElement":[{"@type":"ListItem","position":1,"name":"Accueil","item":"https:\/\/sedirelyon.fr\/lesdiaconessesdurocher\/"},{"@type":"ListItem","position":2,"name":"l\u00e9gion d&rsquo;honneur Jean-Paul"}]},{"@type":"WebSite","@id":"https:\/\/sedirelyon.fr\/lesdiaconessesdurocher\/#website","url":"https:\/\/sedirelyon.fr\/lesdiaconessesdurocher\/","name":"Les Diaconesses du Rocher","description":"des femmes dans l&#039;Eglise","potentialAction":[{"@type":"SearchAction","target":{"@type":"EntryPoint","urlTemplate":"https:\/\/sedirelyon.fr\/lesdiaconessesdurocher\/?s={search_term_string}"},"query-input":{"@type":"PropertyValueSpecification","valueRequired":true,"valueName":"search_term_string"}}],"inLanguage":"fr-FR"}]}},"jetpack_sharing_enabled":true,"jetpack_shortlink":"https:\/\/wp.me\/P7xNTI-6r","jetpack-related-posts":[],"_links":{"self":[{"href":"https:\/\/sedirelyon.fr\/lesdiaconessesdurocher\/wp-json\/wp\/v2\/pages\/399","targetHints":{"allow":["GET"]}}],"collection":[{"href":"https:\/\/sedirelyon.fr\/lesdiaconessesdurocher\/wp-json\/wp\/v2\/pages"}],"about":[{"href":"https:\/\/sedirelyon.fr\/lesdiaconessesdurocher\/wp-json\/wp\/v2\/types\/page"}],"author":[{"embeddable":true,"href":"https:\/\/sedirelyon.fr\/lesdiaconessesdurocher\/wp-json\/wp\/v2\/users\/1"}],"replies":[{"embeddable":true,"href":"https:\/\/sedirelyon.fr\/lesdiaconessesdurocher\/wp-json\/wp\/v2\/comments?post=399"}],"version-history":[{"count":1,"href":"https:\/\/sedirelyon.fr\/lesdiaconessesdurocher\/wp-json\/wp\/v2\/pages\/399\/revisions"}],"predecessor-version":[{"id":400,"href":"https:\/\/sedirelyon.fr\/lesdiaconessesdurocher\/wp-json\/wp\/v2\/pages\/399\/revisions\/400"}],"wp:attachment":[{"href":"https:\/\/sedirelyon.fr\/lesdiaconessesdurocher\/wp-json\/wp\/v2\/media?parent=399"}],"curies":[{"name":"wp","href":"https:\/\/api.w.org\/{rel}","templated":true}]}}